{"id":1477,"date":"2025-04-24T13:03:03","date_gmt":"2025-04-24T11:03:03","guid":{"rendered":"https:\/\/garciaadamez.eu\/politica-de-privacidad\/"},"modified":"2025-08-08T13:37:55","modified_gmt":"2025-08-08T11:37:55","slug":"politica-de-privacidad","status":"publish","type":"page","link":"https:\/\/garciaadamez.eu\/es\/politica-de-privacidad\/","title":{"rendered":"Pol\u00edtica de privacidad"},"content":{"rendered":"\t\t<div data-elementor-type=\"wp-page\" data-elementor-id=\"1477\" class=\"elementor elementor-1477 elementor-117\" data-elementor-post-type=\"page\">\n\t\t\t\t<div class=\"elementor-element elementor-element-ff07910 texto e-flex e-con-boxed e-con e-parent\" data-id=\"ff07910\" data-element_type=\"container\" data-e-type=\"container\">\n\t\t\t\t\t<div class=\"e-con-inner\">\n\t\t\t\t<div class=\"elementor-element elementor-element-c154370 elementor-widget elementor-widget-text-editor\" data-id=\"c154370\" data-element_type=\"widget\" data-e-type=\"widget\" data-widget_type=\"text-editor.default\">\n\t\t\t\t\t\t\t\t\t<p>De conformidad con lo dispuesto en el Reglamento General de Protecci\u00f3n de Datos GDPR (UE) 679\/2016 y la Ley Org\u00e1nica 3\/2018, de 5 de diciembre, de Protecci\u00f3n de Datos Personales y Garant\u00eda de los Derechos Digitales, se te facilita la siguiente informaci\u00f3n sobre el tratamiento de tus datos personales.<\/p><p>\u00bfQui\u00e9n controla el tratamiento de tus datos personales?<\/p><p>Controlador de Datos y Responsable de Protecci\u00f3n de Datos<\/p><p>El Responsable del tratamiento de tus datos personales es CONSTRUCCIONES GARC\u00cdA AD\u00c1MEZ S.L., con domicilio social en GRAN V\u00cdA ASIMA N\u00ba 31, ESC 1, PISO 2, OFICINA 2, 07009, PALMA DE MALLORCA. Puedes ponerte en contacto con el responsable de protecci\u00f3n de datos en la siguiente direcci\u00f3n de correo electr\u00f3nico: administracion@garciaadamez.com RESPONSABLE DE PROTECCI\u00d3N DE DATOS: CONTACTO: \/ http:\/\/www.protecmir.com \/ EMAIL: protecmirlegal@protecmir.com . <\/p><p>\u00bfQu\u00e9 datos procesamos?<\/p><p>En CONSTRUCCIONES GARC\u00cdA AD\u00c1MEZ S.L. tratamos los datos de car\u00e1cter personal que nos facilitas mediante la cumplimentaci\u00f3n de los formularios dispuestos al efecto en este sitio web, as\u00ed como los datos de car\u00e1cter personal que se deriven de la prestaci\u00f3n o contrataci\u00f3n de nuestros servicios o productos y\/o los datos de car\u00e1cter personal que se deriven de la relaci\u00f3n comercial que mantengas con nosotros. Adem\u00e1s, tratamos los datos personales generados por tu actividad en nuestro sitio web, que incluyen tus datos de navegaci\u00f3n obtenidos a trav\u00e9s del sitio web. <\/p><p>Es importante que mantengamos actualizado el registro de tus datos personales. Est\u00e1s obligado a mantenernos informados de cualquier cambio o error en tus datos personales lo antes posible poni\u00e9ndote en contacto con nosotros por correo electr\u00f3nico: administracion@garciaadamez.com. <\/p><p>\u00bfPara qu\u00e9 tratamos tus datos personales?<\/p><p>Finalidad: Tus datos personales se procesan para los siguientes fines:<\/p><p>-Gesti\u00f3n y mantenimiento de los servicios prestados a trav\u00e9s del sitio web.<\/p><p>-Gesti\u00f3n y atenci\u00f3n de consultas y solicitudes de informaci\u00f3n realizadas por los usuarios a trav\u00e9s del formulario de contacto. La direcci\u00f3n de correo electr\u00f3nico y los datos personales que nos facilites a trav\u00e9s del formulario de contacto del sitio web ser\u00e1n utilizados exclusivamente para atender las consultas que nos remitas por este medio. <\/p><p>-Cumplimiento de las obligaciones legales aplicables.<\/p><p>-Gesti\u00f3n de solicitudes de informaci\u00f3n o solicitudes de presupuesto para nuestros servicios o productos.<\/p><p>-Recibir y gestionar tu curr\u00edculum vitae para participar en los procesos de selecci\u00f3n de personal de la organizaci\u00f3n.<\/p><p>-Si has dado tu consentimiento y con el fin de poder ofrecerte servicios relacionados con tus intereses, tus datos personales podr\u00e1n ser utilizados para elaborar un perfil comercial. No se tomar\u00e1n decisiones automatizadas basadas en dicho perfil. <\/p><p>\u00bfCu\u00e1nto tiempo conservaremos tus datos personales?<\/p><p>Conservamos tus datos personales en nuestros sistemas y ficheros durante el tiempo necesario para llevar a cabo los fines del tratamiento, y para cumplir con la legislaci\u00f3n aplicable. Tus datos personales se conservar\u00e1n mientras exista una relaci\u00f3n contractual y\/o comercial contigo, o mientras no ejerzas tu derecho a la supresi\u00f3n y\/o limitaci\u00f3n del tratamiento de tus datos. El plazo de conservaci\u00f3n de los datos personales variar\u00e1 en funci\u00f3n de los fines del tratamiento, y en t\u00e9rminos generales:  <\/p><p>-Los datos personales que nos facilites al contratar nuestros servicios o productos ser\u00e1n conservados mientras dure la relaci\u00f3n contractual y, una vez finalizada \u00e9sta, durante el plazo legalmente previsto en relaci\u00f3n con las acciones legales derivadas de dicha relaci\u00f3n.<\/p><p>-Los datos personales que nos facilites para gestionar solicitudes de informaci\u00f3n o consultas a trav\u00e9s del formulario de contacto se conservar\u00e1n mientras no solicites su borrado o cancelaci\u00f3n.<\/p><p>-Los datos personales que nos facilites para suscribirte a nuestra newsletter o boletines se conservar\u00e1n mientras no solicites su supresi\u00f3n, manifiestes tu oposici\u00f3n y\/o solicites su limitaci\u00f3n.<\/p><p>-Los datos personales que nos facilites al enviarnos tu curr\u00edculum vitae se conservar\u00e1n durante un periodo no superior a un a\u00f1o.<\/p><p>-Los datos personales obtenidos de tus h\u00e1bitos de navegaci\u00f3n y consumo, as\u00ed como el perfil comercial obtenido, se conservar\u00e1n mientras no solicites su supresi\u00f3n o cancelaci\u00f3n.<\/p><p>Tus datos personales se conservar\u00e1n mientras sean \u00fatiles para las finalidades indicadas y, en todo caso, durante los plazos legalmente establecidos y durante el tiempo necesario para hacer frente a las posibles responsabilidades nacidas del tratamiento de dichos datos.<\/p><p>Seguridad de los datos<\/p><p>Disponemos de medidas de seguridad t\u00e9cnicas y organizativas adecuadas para proteger tus datos personales contra el tratamiento no autorizado o ilegal, la p\u00e9rdida accidental, la destrucci\u00f3n o el da\u00f1o, y para garantizar la integridad y confidencialidad de tus datos personales. Las medidas de seguridad t\u00e9cnicas y organizativas aplicadas permiten: garantizar la confidencialidad, integridad, disponibilidad y resistencia permanentes de los sistemas y servicios de tratamiento; restablecer r\u00e1pidamente la disponibilidad y el acceso a los datos personales en caso de incidente f\u00edsico o t\u00e9cnico; y verificar, evaluar y valorar peri\u00f3dicamente la eficacia de las medidas t\u00e9cnicas y organizativas aplicadas para garantizar la seguridad del tratamiento. <\/p><p>Estas medidas de seguridad t\u00e9cnicas y organizativas se han dise\u00f1ado teniendo en cuenta nuestra infraestructura inform\u00e1tica, el estado de la t\u00e9cnica de acuerdo con las normas y pr\u00e1cticas actuales, el coste de su aplicaci\u00f3n y la naturaleza, el alcance, el contexto y los fines del tratamiento, as\u00ed como los riesgos de probabilidad y gravedad variables del tratamiento para tus datos personales.<\/p><p>\u00bfCu\u00e1l es la legitimaci\u00f3n para el tratamiento de tus datos?<\/p><p>Legitimaci\u00f3n: La legitimaci\u00f3n para tratar tus datos personales se basa en:<\/p><p>-Ejecutar y mantener una relaci\u00f3n contractual y comercial contigo, como la contrataci\u00f3n de productos y servicios de la organizaci\u00f3n, y la gesti\u00f3n y tramitaci\u00f3n de solicitudes de presupuestos de productos y\/o servicios de la organizaci\u00f3n, todo ello de conformidad con lo dispuesto en el art\u00edculo 6.1.B del GDPR (UE) 679\/2016 y la Ley Org\u00e1nica 3\/2018, de 5 de diciembre (LOPDPGDD).<\/p><p>-Tu consentimiento expreso para una o varias finalidades, tales como enviarte comunicaciones publicitarias o boletines informativos propios o de terceros, gestionar el env\u00edo de curr\u00edculos y participar en actividades o concursos, todo ello de conformidad con lo dispuesto en el art\u00edculo 6.1.A del RGPD (UE) 679\/2016 y en la Ley Org\u00e1nica 3\/2018, de 5 de diciembre (LOPDPGDD).<\/p><p>-Cumplimiento de diversas obligaciones legales, todo ello de conformidad con lo dispuesto en el art\u00edculo 6.1.C del GDPR (UE) 679\/2016 y en la Ley Org\u00e1nica 3\/2018, de 5 de diciembre (LOPDPGDD).<\/p><p>-Cumplir los intereses leg\u00edtimos perseguidos por el responsable del tratamiento o por un tercero, por ejemplo, por motivos de seguridad, para mejorar nuestros servicios y\/o gestionar solicitudes o consultas.<\/p><p>Durante el proceso de recogida de datos, y en cada lugar del sitio web donde se soliciten datos personales, se informar\u00e1 al usuario mediante un hiperv\u00ednculo o mediante la inclusi\u00f3n de menciones adecuadas en el propio formulario del car\u00e1cter obligatorio o no de la recogida de sus datos personales.<\/p><p>Los datos personales solicitados en los formularios del sitio web son, en general, obligatorios (salvo que se especifique lo contrario en el campo obligatorio) para cumplir con las finalidades establecidas. Por lo tanto, si no se facilitan los datos personales solicitados, o no se facilitan correctamente, la solicitud no podr\u00e1 ser atendida. <\/p><p>Existe la obligaci\u00f3n de facilitar tus datos personales al contratar un servicio o producto, y\/o al solicitar un presupuesto u oferta.<\/p><p>El env\u00edo de comunicaciones publicitarias, boletines o newsletters sobre nuestros productos y servicios se basa en el consentimiento que se te solicita, y en ning\u00fan caso la retirada de este consentimiento afecta a la relaci\u00f3n contractual o comercial que tengas con nosotros.<\/p><p>Si nos has autorizado el env\u00edo de publicidad de nuestros servicios y productos, tus datos personales podr\u00e1n ser utilizados para gestionar el env\u00edo de ofertas publicitarias y boletines informativos por medios electr\u00f3nicos. En estos casos, se aplica lo dispuesto en los art\u00edculos 20 y 21 de la Ley 34\/2002, de 11 de julio, de servicios de la sociedad de la informaci\u00f3n y de comercio electr\u00f3nico, al uso y tratamiento de tus datos personales para el env\u00edo de publicidad por medios electr\u00f3nicos. <\/p><p>Si has marcado la opci\u00f3n de recibir publicidad, o si te has suscrito a nuestro bolet\u00edn de noticias, puedes cancelar esta opci\u00f3n en cualquier momento.<\/p><p>\u00bfCon qu\u00e9 destinatarios se compartir\u00e1n tus datos?<\/p><p>Destinatarios:En general, tus datos personales no se compartir\u00e1n con terceros ajenos a la organizaci\u00f3n, a menos que exista una obligaci\u00f3n legal de hacerlo. Sin embargo, se te informa de que terceros proveedores pueden tener acceso a tus datos personales como procesadores de datos en el contexto de la prestaci\u00f3n de un servicio para la organizaci\u00f3n responsable del tratamiento. Se te informa de que puedes solicitar una lista completa de los destinatarios que pueden recibir tus datos personales como encargados del tratamiento o como terceros destinatarios de transferencias enviando un correo electr\u00f3nico a: administracion@garciaadamez.com. Adem\u00e1s de lo anterior, la organizaci\u00f3n podr\u00e1 ceder o comunicar datos de car\u00e1cter personal para el cumplimiento de sus obligaciones con las Administraciones P\u00fablicas en los casos en que as\u00ed se requiera, de acuerdo con la legislaci\u00f3n vigente.   <\/p><p>-Transferencias internacionales de datos:<\/p><p>Para llevar a cabo las actividades de procesamiento de datos detalladas anteriormente, podemos transferir datos a pa\u00edses fuera del Espacio Econ\u00f3mico Europeo (EEE), y almacenar dichos datos en bases de datos f\u00edsicas o digitales gestionadas por organizaciones que act\u00faan en nuestro nombre. La gesti\u00f3n de las bases de datos y el tratamiento de los datos se limitan a los fines del tratamiento y se llevan a cabo de conformidad con las leyes y reglamentos aplicables en materia de protecci\u00f3n de datos. Si se env\u00edan datos fuera del EEE, la empresa utilizar\u00e1 las medidas contractuales adecuadas para garantizar la protecci\u00f3n de datos, incluidos, entre otros, contratos basados en las cl\u00e1usulas tipo de protecci\u00f3n de datos adoptadas por la Comisi\u00f3n Europea aplicables al env\u00edo de datos personales fuera del EEE.  <\/p><p>  \u00bfQu\u00e9 derechos tienes en el tratamiento de tus datos personales?<\/p><p>Tus derechos: Tienes derecho a acceder a tus datos personales, as\u00ed como a solicitar la rectificaci\u00f3n de los datos inexactos o, en su caso, solicitar la supresi\u00f3n de los mismos cuando, entre otros motivos, la informaci\u00f3n ya no sea necesaria para los fines que fueron recabados. En determinadas circunstancias, podr\u00e1s solicitar que se limite el tratamiento de tus datos, en cuyo caso s\u00f3lo los conservaremos para la presentaci\u00f3n o defensa de reclamaciones. Adicionalmente, y para fines relacionados con tu situaci\u00f3n particular, podr\u00e1s oponerte al tratamiento de tus datos, en cuyo caso tus datos personales dejar\u00e1n de ser tratados para aquellos fines a los que hayas manifestado tu oposici\u00f3n. Cuando sea t\u00e9cnicamente posible, podr\u00e1s solicitar la portabilidad de tus datos a otro responsable del tratamiento. Para ejercitar estos derechos, de acuerdo con la legislaci\u00f3n vigente, puedes enviar una carta por correo postal, adjuntando copia de un documento que acredite tu identidad (DNI), a CONSTRUCCIONES GARC\u00cdA AD\u00c1MEZ S.L. en GRAN V\u00cdA ASIMA N\u00ba 31, ESC 1, PISO 2, OFICINA 2, CP: 07009, PALMA DE MALLORCA o enviar un correo electr\u00f3nico a administracion@garciaadamez.com. Tienes derecho a presentar una reclamaci\u00f3n ante la autoridad de control: Agencia Espa\u00f1ola de Protecci\u00f3n de Datos (www.agpd.es). Origen de los datos personales: el interesado.      <\/p><p>Aceptas expresamente la inclusi\u00f3n de los datos de car\u00e1cter personal recabados durante la navegaci\u00f3n por el sitio web y\/o proporcionados mediante la cumplimentaci\u00f3n de cualquier formulario, as\u00ed como los derivados de una posible relaci\u00f3n comercial, en los ficheros automatizados de datos de car\u00e1cter personal de la organizaci\u00f3n.<\/p><p>La organizaci\u00f3n garantiza la confidencialidad de los datos personales de los usuarios. No obstante, cuando sea requerida para ello, la organizaci\u00f3n revelar\u00e1 los datos personales a las autoridades p\u00fablicas competentes, junto con cualquier otra informaci\u00f3n que est\u00e9 en su poder o sea accesible a trav\u00e9s de sus sistemas, de conformidad con las disposiciones legales y reglamentarias aplicables a cada caso. Los datos de car\u00e1cter personal podr\u00e1n ser conservados en los ficheros titularidad de CONSTRUCCIONES GARC\u00cdA AD\u00c1MEZ S.L. incluso una vez finalizadas las relaciones comerciales formalizadas a trav\u00e9s del sitio web de la organizaci\u00f3n, \u00fanicamente para las finalidades indicadas anteriormente y, en todo caso, durante los plazos legalmente establecidos, a disposici\u00f3n de autoridades administrativas o judiciales.  <\/p><p>Uso de las redes sociales<\/p><p>Cuando interact\u00faas con nuestro sitio web a trav\u00e9s de diversas plataformas de medios sociales, como cuando te conectas o nos sigues o compartes nuestro contenido en plataformas de medios sociales (Facebook, Twitter, LinkedIn, Instagram u otras), podemos recibir informaci\u00f3n de estas plataformas, incluida informaci\u00f3n sobre tu perfil, identificaci\u00f3n de usuario asociada a tu cuenta de medios sociales y cualquier otra informaci\u00f3n p\u00fablica que permitas compartir con terceros en dichas plataformas.<\/p><p>La organizaci\u00f3n utiliza las redes sociales como medio para informar de los servicios que ofrece, as\u00ed como de cualquier otra actividad o evento que realice y quiera dar a conocer, pero en ning\u00fan momento obtendr\u00e1 datos personales de los usuarios que interact\u00faen en dichas plataformas de redes sociales, salvo autorizaci\u00f3n expresa para ello.<\/p><p>Estos datos s\u00f3lo se utilizan dentro de la propia plataforma de medios sociales y no se incorporan a ning\u00fan sistema de procesamiento.<\/p><p>Las plataformas de las redes sociales tienen sus propias condiciones de uso y pol\u00edticas de privacidad que est\u00e1s obligado a tener en cuenta y observar si las utilizas.<\/p><p>En los casos de registro y\/o acceso a trav\u00e9s de una cuenta de redes sociales, la organizaci\u00f3n podr\u00e1 recabar y acceder a determinada informaci\u00f3n de tu perfil de usuario en dicha plataforma, \u00fanicamente para las finalidades indicadas anteriormente.<\/p>\t\t\t\t\t\t\t\t<\/div>\n\t\t\t\t\t<\/div>\n\t\t\t\t<\/div>\n\t\t\t\t<\/div>\n\t\t","protected":false},"excerpt":{"rendered":"<p>De conformidad con lo dispuesto en el Reglamento General de Protecci\u00f3n de Datos GDPR (UE) 679\/2016 y la Ley Org\u00e1nica 3\/2018, de 5 de diciembre, de Protecci\u00f3n de Datos Personales y Garant\u00eda de los Derechos Digitales, se te facilita la siguiente informaci\u00f3n sobre el tratamiento de tus datos personales. \u00bfQui\u00e9n controla el tratamiento de tus [&hellip;]<\/p>\n","protected":false},"author":1,"featured_media":0,"parent":0,"menu_order":0,"comment_status":"closed","ping_status":"closed","template":"","meta":{"_acf_changed":false,"footnotes":""},"class_list":["post-1477","page","type-page","status-publish","hentry"],"acf":[],"_links":{"self":[{"href":"https:\/\/garciaadamez.eu\/es\/wp-json\/wp\/v2\/pages\/1477","targetHints":{"allow":["GET"]}}],"collection":[{"href":"https:\/\/garciaadamez.eu\/es\/wp-json\/wp\/v2\/pages"}],"about":[{"href":"https:\/\/garciaadamez.eu\/es\/wp-json\/wp\/v2\/types\/page"}],"author":[{"embeddable":true,"href":"https:\/\/garciaadamez.eu\/es\/wp-json\/wp\/v2\/users\/1"}],"replies":[{"embeddable":true,"href":"https:\/\/garciaadamez.eu\/es\/wp-json\/wp\/v2\/comments?post=1477"}],"version-history":[{"count":2,"href":"https:\/\/garciaadamez.eu\/es\/wp-json\/wp\/v2\/pages\/1477\/revisions"}],"predecessor-version":[{"id":1926,"href":"https:\/\/garciaadamez.eu\/es\/wp-json\/wp\/v2\/pages\/1477\/revisions\/1926"}],"wp:attachment":[{"href":"https:\/\/garciaadamez.eu\/es\/wp-json\/wp\/v2\/media?parent=1477"}],"curies":[{"name":"wp","href":"https:\/\/api.w.org\/{rel}","templated":true}]}}